{"id":2596,"date":"2018-02-19T16:41:19","date_gmt":"2018-02-19T15:41:19","guid":{"rendered":"http:\/\/hyfac.fr\/?page_id=2596"},"modified":"2022-02-10T02:07:27","modified_gmt":"2022-02-10T01:07:27","slug":"protection-solaire-invisible","status":"publish","type":"page","link":"https:\/\/hyfac.fr\/pl\/nos-gammes\/hyfac-sun\/protection-solaire-invisible\/","title":{"rendered":"Niewidoczna ochrona przeciws\u0142oneczna"},"content":{"rendered":"<p>&nbsp;<\/p>\n<div style=\"width: 960px;\">&nbsp;<\/div>\n<div id=\"prd\">\n<div class=\"csRow\">\n<div class=\"csColumn\" style=\"margin: 0px; padding: 0px; float: left; width: 47%;\" data-csstartpoint=\"0\" data-csendpoint=\"470\" data-cswidth=\"47.0%\" data-csid=\"beb42ad8-6bfd-a029-8282-bd93ae120b4d\">\n<style type=\"text\/css\">#soliloquy-container-5795 .soliloquy-pager{bottom: -30px;}<\/style><div class=\"soliloquy-outer-container\" data-soliloquy-loaded=\"0\"><div aria-live=\"polite\" id=\"soliloquy-container-5795\" class=\"soliloquy-container soliloquy-transition-horizontal soliloquy-slide-horizontal soliloquy-controls-active slider-img-prd soliloquy-theme-base\" style=\"max-width:380px;max-height:600px;margin:0 auto 20px;max-width:100%;max-height:none;\"><ul id=\"soliloquy-5795\" class=\"soliloquy-slider soliloquy-slides soliloquy-wrap soliloquy-clear\"><li aria-hidden=\"true\" class=\"soliloquy-item soliloquy-item-1 soliloquy-id-5792 soliloquy-image-slide\" draggable=\"false\" style=\"list-style:none;\"><img id=\"soliloquy-image-5792\" class=\"soliloquy-image soliloquy-image-1\" src=\"https:\/\/hyfac.fr\/wp-content\/uploads\/2019\/01\/Diapositive34-380x600_c.jpeg\" alt=\"Protection Solaire invisible Hyfacsun\" \/><\/li><li aria-hidden=\"true\" class=\"soliloquy-item soliloquy-item-2 soliloquy-id-5791 soliloquy-image-slide\" draggable=\"false\" style=\"list-style:none;\"><img id=\"soliloquy-image-5791\" class=\"soliloquy-image soliloquy-image-2 soliloquy-preload\" src=\"https:\/\/hyfac.fr\/wp-content\/plugins\/soliloquy\/assets\/css\/images\/holder.gif\" data-soliloquy-src=\"https:\/\/hyfac.fr\/wp-content\/uploads\/2019\/01\/Diapositive35-380x600_c.jpeg\" alt=\"Protection Solaire invisible Hyfacsun\" \/><\/li><\/ul><\/div><noscript><style type=\"text\/css\" scoped>#soliloquy-container-5795{opacity:1}#soliloquy-container-5795 li > .soliloquy-caption{display:none}#soliloquy-container-5795 li:first-child > .soliloquy-caption{display:block}<\/style><div class=\"soliloquy-no-js\" style=\"display:none;visibility:hidden;height:0;line-height:0;opacity:0;\"><img class=\"soliloquy-image soliloquy-no-js-image\" src=\"https:\/\/hyfac.fr\/wp-content\/uploads\/2019\/01\/Diapositive34.jpeg\" alt=\"Protection Solaire invisible Hyfacsun\" \/><img class=\"soliloquy-image soliloquy-no-js-image\" src=\"https:\/\/hyfac.fr\/wp-content\/uploads\/2019\/01\/Diapositive35.jpeg\" alt=\"Protection Solaire invisible Hyfacsun\" \/><\/div><\/noscript><\/div>\n<\/div>\n<div class=\"csColumnGap\" style=\"margin: 0px; padding: 0px; float: left; width: 3.7%;\"><img style=\"border: none;\" src=\"https:\/\/hyfac.fr\/wp-content\/plugins\/advanced-wp-columns\/assets\/js\/plugins\/views\/img\/1x1-pixel.png\"><\/div>\n<div class=\"csColumn\" style=\"margin: 0px; padding: 0px; float: left; width: 49.3%;\" data-csstartpoint=\"507\" data-csendpoint=\"1000\" data-cswidth=\"49.3%\" data-csid=\"56e6cac6-63f3-6945-9ddf-f20a5ec7912c\">\n<h1><span style=\"color: #fd4700; line-height: 35px;\">PROTECTION SOLAIRE INVISIBLE SPF 50+<\/span><\/h1>\n<p><span style=\"color: #fd4700;\">Gamme HYFAC SUN<\/span><br \/>\nTubka 40 ml<\/p>\n<p><br \/>\nTr\u00e8s haute protection solaire SPF 50+. Prot\u00e8ge des UVA et des UVB, et des agents polluants. Ne laisse pas de traces blanches.<\/p>\n<ul id=\"ulprd\">\n<li><img class=\"logo-prd\" src=\"\/wp-content\/uploads\/2018\/09\/Protege-des-UV.png\" alt=\"Ochrona UV\" width=\"50\"><br \/>\nSPF 50+.<\/li>\n<li><img class=\"logo-prd\" src=\"\/wp-content\/uploads\/2018\/09\/uvb_uva.png\" alt=\"uvb_uva\" width=\"50\"><br \/>\nOCHRONA UVA\/UVB<\/li>\n<li><img class=\"logo-prd\" src=\"\/wp-content\/uploads\/2019\/01\/anti-pollution.png\" alt=\"Anti-polution\" width=\"50\"><br \/>\nANTI-POLLUTION<\/li>\n<li><img class=\"logo-prd\" src=\"\/wp-content\/uploads\/2019\/01\/toucher_sec.png\" alt=\"Toucher-Sec\" width=\"50\"><br \/>\nTOUCHER SEC<\/li>\n<\/ul>\n<ul id=\"ulprd-link\">\n<li><p class=\"product woocommerce add_to_cart_inline\" style=\"border:4px solid #ccc; padding: 12px;\"><span class=\"woocommerce-Price-amount amount\"><bdi>13,50&nbsp;<span class=\"woocommerce-Price-currencySymbol\">\u20ac<\/span><\/bdi><\/span><a href=\"?add-to-cart=14933\" data-quantity=\"1\" class=\"button product_type_simple add_to_cart_button ajax_add_to_cart\" data-product_id=\"14933\" data-product_sku=\"\" aria-label=\"Dodaj \u201eSun - Protection Solaire Invisible\u201d do koszyka\" rel=\"nofollow\" data-no-translation=\"\" data-trp-gettext=\"\" data-no-translation-aria-label=\"\">Dodaj do koszyka<\/a><\/p><\/li>\n<li>&nbsp;<\/li>\n<li><a href=\"https:\/\/hyfac.fr\/pl\/pres-de-chez-vous\/\"><img class=\"img2\" src=\"\/wp-content\/uploads\/2018\/06\/logo-map-e1530138886120.png\" alt=\"loc\">Znajd\u017a punkt sprzeda\u017cy<\/a><\/li>\n<\/ul>\n<ul id=\"ulprd-link\">\n<li class=\"infotri\"><span class=\"spantri\">Odkryj nasze instrukcje sortowania<\/span><br \/>\n<img class=\"imgtri\" src=\"https:\/\/hyfac.fr\/wp-content\/uploads\/2020\/12\/HYFAC-SUN-Invisible.png\"><\/li>\n<\/ul>\n<\/div>\n<div style=\"clear: both; float: none; display: block; visibility: hidden; width: 0px; font-size: 0px; line-height: 0;\">&nbsp;<\/div>\n<\/div>\n<\/div>\n<div id=\"descript-prd\">La protection solaire HYFAC SUN Invisible assure une tr\u00e8s haute protection contre les rayons UVB et UVA du soleil. Son complexe d\u2019actifs prot\u00e8ge des agressions ext\u00e9rieures (vent, stress, pollution). Les extraits de graines de Moringa sont reconnus pour augmenter la capacit\u00e9 des cellules de la peau \u00e0 se prot\u00e9ger et \u00e0 \u00e9liminer les polluants (action anti-pollution). Sa texture l\u00e9g\u00e8re et non grasse s\u2019\u00e9tale facilement. Ne laisse pas de traces blanches. Toucher sec.<\/div>\n<div id=\"menu-prdnew\">\n<ul>\n<li><a id=\"lienmenuconseil\" href=\"#prd\">RADA U\u017bYTKOWANIA<\/a><\/li>\n<li><a id=\"lienmenuactifs\" href=\"#conseil-prd\">AKTYWA<\/a><\/li>\n<li><a id=\"lienmenucmplt\" href=\"#actifs-prd\">PRODUKTY KOMPLEMENTARNE<\/a><\/li>\n<li><a id=\"lienmenusavoir\" href=\"#cmplt-prd\">CZYTAJ WI\u0118CEJ<\/a><\/li>\n<li><a id=\"lienmenucompo\" href=\"#savoir-prd\">SK\u0141AD<\/a><\/li>\n<\/ul>\n<\/div>\n<div id=\"conseil-prd\">\n<div class=\"csRow\">\n<div class=\"csColumn\" style=\"margin: 0px; padding: 0px; float: left; width: 70.8%;\" data-csstartpoint=\"0\" data-csendpoint=\"680\" data-cswidth=\"70.8%\" data-csid=\"7ce9a14c-d45b-a3f2-987b-63fd249cc312\">\n<p><span style=\"color: #fd4700;\">COMMENT BIEN APPLIQUER HYFAC SUN INVISIBLE ?<\/span><\/p>\n<p>Avant toute exposition au soleil, appliquer une quantit\u00e9 suffisante de produit pour couvrir la zone expos\u00e9e. Une quantit\u00e9 r\u00e9duite de produit diminue la protection solaire.<br \/>\nRenouveler fr\u00e9quemment l\u2019application surtout apr\u00e8s chaque bain, frottements ou transpiration.<\/p>\n<p>Sa texture l\u00e9g\u00e8re non grasse, ne colle pas et s\u2019\u00e9tale facilement.<\/p>\n<\/div>\n<div class=\"csColumnGap\" style=\"margin: 0px; padding: 0px; float: left; width: 1.56%;\"><img style=\"border: none;\" src=\"https:\/\/hyfac.fr\/wp-content\/plugins\/advanced-wp-columns\/assets\/js\/plugins\/views\/img\/1x1-pixel.png\"><\/div>\n<div class=\"csColumn\" style=\"margin: 0px; padding: 0px; float: left; width: 27.6%;\" data-csstartpoint=\"695\" data-csendpoint=\"960\" data-cswidth=\"27.6%\" data-csid=\"2de6301b-fc0e-6c4c-b16e-671973f34d15\">\n<p><img loading=\"lazy\" class=\"aligncenter wp-image-5140\" src=\"https:\/\/hyfac.fr\/wp-content\/uploads\/2018\/07\/conseil-250x250.png\" alt=\"\" width=\"180\" height=\"181\" srcset=\"https:\/\/hyfac.fr\/wp-content\/uploads\/2018\/07\/conseil-250x250.png 250w, https:\/\/hyfac.fr\/wp-content\/uploads\/2018\/07\/conseil-298x300.png 298w, https:\/\/hyfac.fr\/wp-content\/uploads\/2018\/07\/conseil.png 308w\" sizes=\"(max-width: 180px) 100vw, 180px\" \/><\/p>\n<\/div>\n<div style=\"clear: both; float: none; display: block; visibility: hidden; width: 0px; font-size: 0px; line-height: 0;\">&nbsp;<\/div>\n<\/div>\n<\/div>\n<div id=\"actifs-prd\">\n<div class=\"h2prd\">\n<h2><span style=\"color: #fd4700;\">G\u0141\u00d3WNE AKTYWA<\/span><\/h2>\n<\/div>\n<p><span style=\"color: #fd4700;\">Extrait de Moringa Oleifera :&nbsp;Prot\u00e8ge les cellules de la peau.<\/span><br \/>\nLe Moringa Oleifera est une plante exotique aux propri\u00e9t\u00e9s protectrices efficaces contre la pollution (fum\u00e9e de cigarette, particules fines, m\u00e9taux lourds). Son mode d\u2019action fixe les particules et \u00e9vite ainsi leur p\u00e9n\u00e9tration dans l\u2019\u00e9piderme. L\u2019extrait de Moringa Oleifera prot\u00e8ge les cellules de la peau contre les agressions par les polluants et facilite l\u2019\u00e9limination de toutes les microparticules provenant de l\u2019environnement.<\/p>\n<\/div>\n<div id=\"cmplt-prd\">\n<div class=\"h2prd\">\n<h2><span style=\"color: #fd4700;\">PRODUKTY KOMPLEMENTARNE<\/span><\/h2>\n<\/div>\n<style type=\"text\/css\">#soliloquy-container-5784 .soliloquy-prev{left: -60px;background-color:#fd4700;}#soliloquy-container-5784 .soliloquy-next{right: -60px;background-color:#fd4700;}#soliloquy-container-5784 .soliloquy-image{background: #f3f3f3;border: 1px solid #ddd;padding:3px;}#soliloquy-container-5784 .soliloquy-viewport{height: 260px !important;}#soliloquy-container-5784 .soliloquy-caption-bottom{position: relative;}#soliloquy-container-5784 .soliloquy-caption-inside{color:#CEBFB6; text-shadow:none;background:none;}@media only screen and (max-width: 1000px){#soliloquy-container-5784 .soliloquy-prev{left: 0px;}#soliloquy-container-5784 .soliloquy-next{right: 0px;}#soliloquy-container-5784 .soliloquy-viewport{height: 200px;}}<\/style><div class=\"soliloquy-outer-container soliloquy-carousel\" data-soliloquy-loaded=\"0\"><div aria-live=\"polite\" id=\"soliloquy-container-5784\" class=\"soliloquy-container soliloquy-transition-horizontal soliloquy-slide-horizontal soliloquy-arrows-active Produits-complmentaires-Hyfac soliloquy-theme-base\" style=\"max-width:960px;max-height:300px;margin:0 auto 20px;\"><ul id=\"soliloquy-5784\" class=\"soliloquy-slider soliloquy-slides soliloquy-wrap soliloquy-clear\"><li aria-hidden=\"true\" class=\"soliloquy-item soliloquy-item-1 soliloquy-id-7346 soliloquy-image-slide\" draggable=\"false\" style=\"list-style:none;\"><a href=\"https:\/\/hyfac.fr\/pl\/nos-gammes\/hyfac-sun\/protection-solaire-invisible\/\" class=\"soliloquy-link\" title=\"HYFAC SUN Protection solaire invisible\"><img id=\"soliloquy-image-7346\" class=\"soliloquy-image soliloquy-image-1\" src=\"https:\/\/hyfac.fr\/wp-content\/uploads\/2019\/01\/Diapositive34-1-200x200_c.jpeg\" alt=\"HYFAC SUN Protection solaire invisible\" \/><\/a><div class=\"soliloquy-caption soliloquy-caption-bottom\"><div class=\"soliloquy-caption-inside\"><p>Niewidoczna ochrona przeciws\u0142oneczna<\/p><br \/>\n<p style=\"font-size:13px\">SPF50+, anti-pollution<\/p><\/div><\/div><\/li><li aria-hidden=\"true\" class=\"soliloquy-item soliloquy-item-2 soliloquy-id-7347 soliloquy-image-slide\" draggable=\"false\" style=\"list-style:none;\"><a href=\"https:\/\/hyfac.fr\/pl\/nos-gammes\/hyfac-sun\/protection-solaire-teintee\/\" class=\"soliloquy-link\" title=\"HYFAC SUN Protection solaire teint\u00e9e SPF50+\"><img id=\"soliloquy-image-7347\" class=\"soliloquy-image soliloquy-image-2\" src=\"https:\/\/hyfac.fr\/wp-content\/uploads\/2019\/01\/Diapositive36-1-200x200_c.jpeg\" alt=\"HYFAC SUN Protection solaire teint\u00e9e SPF50+\" \/><\/a><div class=\"soliloquy-caption soliloquy-caption-bottom\"><div class=\"soliloquy-caption-inside\"><p>Barwiona ochrona przeciws\u0142oneczna<\/p><br \/>\n<p style=\"font-size:13px\">SPF50+, anti-pollution<\/p><\/div><\/div><\/li><li aria-hidden=\"true\" class=\"soliloquy-item soliloquy-item-3 soliloquy-id-2824 soliloquy-image-slide\" draggable=\"false\" style=\"list-style:none;\"><a href=\"https:\/\/hyfac.fr\/pl\/nos-gammes\/clarifac-soin-anti-taches\/\" class=\"soliloquy-link\" title=\"CLARIFAC piel\u0119gnacja rozja\u015bniaj\u0105ca przeciw plamom\"><img id=\"soliloquy-image-2824\" class=\"soliloquy-image soliloquy-image-3\" src=\"https:\/\/hyfac.fr\/wp-content\/uploads\/2018\/02\/Hyfac-Clarifac-soin-anti-taches-200x200_c.jpg\" alt=\"CLARIFAC piel\u0119gnacja rozja\u015bniaj\u0105ca przeciw plamom\" \/><\/a><div class=\"soliloquy-caption soliloquy-caption-bottom\"><div class=\"soliloquy-caption-inside\"><p>Ochrona przed zabrudzeniami<\/p><br \/>\n<p style=\"font-size:13px\">Wyr\u00f3wnuje i rozja\u015bnia koloryt cery<\/p><\/div><\/div><\/li><li aria-hidden=\"true\" class=\"soliloquy-item soliloquy-item-4 soliloquy-id-4698 soliloquy-image-slide\" draggable=\"false\" style=\"list-style:none;\"><a href=\"https:\/\/hyfac.fr\/pl\/nos-gammes\/fotoker-creme-dermatologique\/\" class=\"soliloquy-link\" title=\"FOTOKER Cr\u00e8me dermatologique\"><img id=\"soliloquy-image-4698\" class=\"soliloquy-image soliloquy-image-4\" src=\"https:\/\/hyfac.fr\/wp-content\/uploads\/2018\/03\/visuel-fotoker-e1526992981647.jpg\" alt=\"FOTOKER Cr\u00e8me dermatologique\" \/><\/a><div class=\"soliloquy-caption soliloquy-caption-bottom\"><div class=\"soliloquy-caption-inside\"><p>Krem dermatologiczny<\/p><br \/>\n<p style=\"font-size:13px\">Hydrate et r\u00e9pare<\/p><\/div><\/div><\/li><li aria-hidden=\"true\" class=\"soliloquy-item soliloquy-item-5 soliloquy-id-2506 soliloquy-image-slide\" draggable=\"false\" style=\"list-style:none;\"><a href=\"https:\/\/hyfac.fr\/pl\/nos-gammes\/hydrafac\/creme-legere\/\" class=\"soliloquy-link\" title=\"HYDRAFAC lekki krem nawil\u017caj\u0105cy do sk\u00f3ry normalnej\/mieszanej\"><img id=\"soliloquy-image-2506\" class=\"soliloquy-image soliloquy-image-5\" src=\"https:\/\/hyfac.fr\/wp-content\/uploads\/2018\/02\/hydrafac-creme-legere-200x200_c.jpg\" alt=\"HYDRAFAC lekki krem nawil\u017caj\u0105cy do sk\u00f3ry normalnej\/mieszanej\" \/><\/a><div class=\"soliloquy-caption soliloquy-caption-bottom\"><div class=\"soliloquy-caption-inside\"><p>Jasny krem<\/p><br \/>\n<p style=\"font-size:13px\">Krem nawil\u017caj\u0105cy do sk\u00f3ry normalnej i mieszanej<\/p><\/div><\/div><\/li><li aria-hidden=\"true\" class=\"soliloquy-item soliloquy-item-6 soliloquy-id-2507 soliloquy-image-slide\" draggable=\"false\" style=\"list-style:none;\"><a href=\"https:\/\/hyfac.fr\/pl\/nos-gammes\/hydrafac\/creme-riche\/%20\/\" class=\"soliloquy-link\" title=\"HYDRAFAC bogaty krem nawil\u017caj\u0105cy do sk\u00f3ry suchej\"><img id=\"soliloquy-image-2507\" class=\"soliloquy-image soliloquy-image-6\" src=\"https:\/\/hyfac.fr\/wp-content\/uploads\/2018\/02\/hydrafac-creme-riche-200x200_c.jpg\" alt=\"HYDRAFAC bogaty krem nawil\u017caj\u0105cy do sk\u00f3ry suchej\" \/><\/a><div class=\"soliloquy-caption soliloquy-caption-bottom\"><div class=\"soliloquy-caption-inside\"><p>Bogaty krem<\/p><br \/>\n<p style=\"font-size:13px\">Krem nawil\u017caj\u0105cy do sk\u00f3ry suchej<\/p><\/div><\/div><\/li><li aria-hidden=\"true\" class=\"soliloquy-item soliloquy-item-7 soliloquy-id-2505 soliloquy-image-slide\" draggable=\"false\" style=\"list-style:none;\"><a href=\"https:\/\/hyfac.fr\/pl\/nos-gammes\/hydrafac\/baume-levres\/\" class=\"soliloquy-link\" title=\"HYDRAFAC Od\u017cywczy balsam nawil\u017caj\u0105cy do ust\"><img id=\"soliloquy-image-2505\" class=\"soliloquy-image soliloquy-image-7\" src=\"https:\/\/hyfac.fr\/wp-content\/uploads\/2018\/02\/baume_hydrafac_3D-200x200_c.jpg\" alt=\"HYDRAFAC Od\u017cywczy balsam nawil\u017caj\u0105cy do ust\" \/><\/a><div class=\"soliloquy-caption soliloquy-caption-bottom\"><div class=\"soliloquy-caption-inside\"><p>Balsam do ust<\/p><br \/>\n<p style=\"font-size:13px\">Od\u017cywia i nawil\u017ca<\/p><\/div><\/div><\/li><\/ul><\/div><noscript><style type=\"text\/css\" scoped>#soliloquy-container-5784{opacity:1}#soliloquy-container-5784 li > .soliloquy-caption{display:none}#soliloquy-container-5784 li:first-child > .soliloquy-caption{display:block}<\/style><div class=\"soliloquy-no-js\" style=\"display:none;visibility:hidden;height:0;line-height:0;opacity:0;\"><img class=\"soliloquy-image soliloquy-no-js-image\" src=\"https:\/\/hyfac.fr\/wp-content\/uploads\/2019\/01\/Diapositive34-1.jpeg\" alt=\"HYFAC SUN Protection solaire invisible\" \/><img class=\"soliloquy-image soliloquy-no-js-image\" src=\"https:\/\/hyfac.fr\/wp-content\/uploads\/2019\/01\/Diapositive36-1.jpeg\" alt=\"HYFAC SUN Protection solaire teint\u00e9e SPF50+\" \/><img class=\"soliloquy-image soliloquy-no-js-image\" src=\"https:\/\/hyfac.fr\/wp-content\/uploads\/2018\/02\/Hyfac-Clarifac-soin-anti-taches.jpg\" alt=\"CLARIFAC piel\u0119gnacja rozja\u015bniaj\u0105ca przeciw plamom\" \/><img class=\"soliloquy-image soliloquy-no-js-image\" src=\"https:\/\/hyfac.fr\/wp-content\/uploads\/2018\/03\/visuel-fotoker-e1526992981647.jpg\" alt=\"FOTOKER Cr\u00e8me dermatologique\" \/><img class=\"soliloquy-image soliloquy-no-js-image\" src=\"https:\/\/hyfac.fr\/wp-content\/uploads\/2018\/02\/hydrafac-creme-legere.jpg\" alt=\"HYDRAFAC lekki krem nawil\u017caj\u0105cy do sk\u00f3ry normalnej\/mieszanej\" \/><img class=\"soliloquy-image soliloquy-no-js-image\" src=\"https:\/\/hyfac.fr\/wp-content\/uploads\/2018\/02\/hydrafac-creme-riche.jpg\" alt=\"HYDRAFAC bogaty krem nawil\u017caj\u0105cy do sk\u00f3ry suchej\" \/><img class=\"soliloquy-image soliloquy-no-js-image\" src=\"https:\/\/hyfac.fr\/wp-content\/uploads\/2018\/02\/baume_hydrafac_3D.jpg\" alt=\"HYDRAFAC Od\u017cywczy balsam nawil\u017caj\u0105cy do ust\" \/><\/div><\/noscript><\/div>\n<\/div>\n<div id=\"savoir-prd\">\n<div class=\"h2prd\">\n<h2><span style=\"color: #fd4700;\">CZYTAJ WI\u0118CEJ<\/span><\/h2>\n<\/div>\n<div class=\"csRow\">\n<div class=\"csColumn\" style=\"margin: 0px; padding: 0px; float: left; width: 38.6%;\" data-csstartpoint=\"0\" data-csendpoint=\"370.5\" data-cswidth=\"38.6%\" data-csid=\"beb42ad8-6bfd-a029-8282-bd93ae120b4d\"><a href=\"https:\/\/hyfac.fr\/pl\/sos-dermato\/4323-cremes-solaire-proteger-sa-peau\/\" target=\"_blank\" rel=\"noopener\"><img loading=\"lazy\" class=\"aligncenter wp-image-4346 size-thumbnail\" src=\"https:\/\/hyfac.fr\/wp-content\/uploads\/2018\/03\/banniere_carree_site_hyfac_intro_themes3-250x250.jpg\" alt=\"les produits de protection solaire\" width=\"250\" height=\"250\"><\/a><\/div>\n<div class=\"csColumnGap\" style=\"margin: 0px; padding: 0px; float: left; width: 1.56%;\"><img style=\"border: none;\" src=\"https:\/\/hyfac.fr\/wp-content\/plugins\/advanced-wp-columns\/assets\/js\/plugins\/views\/img\/1x1-pixel.png\"><\/div>\n<div class=\"csColumn\" style=\"margin: 0px; padding: 0px; float: left; width: 59.8%;\" data-csstartpoint=\"385.5\" data-csendpoint=\"960\" data-cswidth=\"59.8%\" data-csid=\"56e6cac6-63f3-6945-9ddf-f20a5ec7912c\">\n<p>Les produits de protection solaire sont efficaces pour prot\u00e9ger sa peau des rayons du soleil, \u00e0 condition de les appliquer r\u00e9guli\u00e8rement et largement. Bien s\u00fbr les v\u00eatements, les chapeaux \u00e0 larges bords et les lunettes de soleil sont des protecteurs indispensables, particuli\u00e8rement entre 11h00 et 15h00 (p\u00e9riode durant laquelle les rayons du soleil sont les plus agressifs), mais ils doivent \u00eatre associ\u00e9s \u00e0 une protection solaire adapt\u00e9e \u00e0 la situation et \u00e0 son phototype. Les produits de protection solaire sont efficaces s\u2019ils sont anti-UVA et UVB. Il existe sur le march\u00e9 des produits de protection contenant des filtres solaires, ou des \u00e9crans solaires.<\/p>\n<div id=\"savoirplus\"><a href=\"https:\/\/hyfac.fr\/pl\/sos-dermato\/4323-cremes-solaire-proteger-sa-peau\/\">En savoir plus sur les produits de protection solaire<\/a><\/div>\n<\/div>\n<div style=\"clear: both; float: none; display: block; visibility: hidden; width: 0px; font-size: 0px; line-height: 0;\">&nbsp;<\/div>\n<\/div>\n<\/div>\n<div id=\"compo-prd\">\n<div class=\"h2prd\">\n<h2><span style=\"color: #fd4700;\">SK\u0141ADNIKI <span style=\"font-size: 14pt;\">\/<\/span> SK\u0141ADNIKI<\/span><\/h2>\n<\/div>\n<p><span style=\"color: #cebfb6;\">INCI : AQUA (WATER), OCTOCRYLENE, METHYLENE BIS-BENZOTRIAZOLYL TETRAMETHYLBUTYLPHENOL [NANO], DIBUTYL ADIPATE, DICAPRYLYL CARBONATE, CYCLOPENTASILOXANE, CETEARETH-20, CYCLOHEXASILOXANE, GLYCERIN, PTFE, BUTYL METHOXYDIBENZOYLMETHANE (AVOBENZONE), BIS-ETHYLHEXYLOXYPHENOL METHOXYPHENYL TRIAZINE, DECYL GLUCOSIDE, BUTYLENE GLYCOL, ETHYLHEXYL TRIAZONE, TOCOPHEROL, ORBIGNYA OLEIFERA SEED OIL, MALTODEXTRIN, MORINGA OLEIFERA SEED EXTRACT, SODIUM POLYACRYLATE, PARFUM (FRAGRANCE), XANTHAN GUM, CITRIC ACID, PROPYLENE GLYCOL, CHLORPHENESIN, TETRASODIUM GLUTAMATE DIACETATE, SODIUM BENZOATE, o-CYMEN-5-OL.<\/span><\/p>\n<\/div>","protected":false},"excerpt":{"rendered":"<p>SPF 50+, anti-pollution.<\/p>","protected":false},"author":1,"featured_media":2648,"parent":2592,"menu_order":0,"comment_status":"closed","ping_status":"closed","template":"page\/page-template-newprdhyfacsun.php","meta":{"_mi_skip_tracking":false,"spay_email":""},"_links":{"self":[{"href":"https:\/\/hyfac.fr\/pl\/wp-json\/wp\/v2\/pages\/2596"}],"collection":[{"href":"https:\/\/hyfac.fr\/pl\/wp-json\/wp\/v2\/pages"}],"about":[{"href":"https:\/\/hyfac.fr\/pl\/wp-json\/wp\/v2\/types\/page"}],"author":[{"embeddable":true,"href":"https:\/\/hyfac.fr\/pl\/wp-json\/wp\/v2\/users\/1"}],"replies":[{"embeddable":true,"href":"https:\/\/hyfac.fr\/pl\/wp-json\/wp\/v2\/comments?post=2596"}],"version-history":[{"count":49,"href":"https:\/\/hyfac.fr\/pl\/wp-json\/wp\/v2\/pages\/2596\/revisions"}],"predecessor-version":[{"id":15034,"href":"https:\/\/hyfac.fr\/pl\/wp-json\/wp\/v2\/pages\/2596\/revisions\/15034"}],"up":[{"embeddable":true,"href":"https:\/\/hyfac.fr\/pl\/wp-json\/wp\/v2\/pages\/2592"}],"wp:featuredmedia":[{"embeddable":true,"href":"https:\/\/hyfac.fr\/pl\/wp-json\/wp\/v2\/media\/2648"}],"wp:attachment":[{"href":"https:\/\/hyfac.fr\/pl\/wp-json\/wp\/v2\/media?parent=2596"}],"curies":[{"name":"wp","href":"https:\/\/api.w.org\/{rel}","templated":true}]}}