{"id":2599,"date":"2018-02-19T16:48:37","date_gmt":"2018-02-19T15:48:37","guid":{"rendered":"http:\/\/hyfac.fr\/?page_id=2599"},"modified":"2022-02-10T02:06:07","modified_gmt":"2022-02-10T01:06:07","slug":"fotoker-creme-dermatologique","status":"publish","type":"page","link":"https:\/\/hyfac.fr\/pl\/nos-gammes\/fotoker-creme-dermatologique\/","title":{"rendered":"FOTOKER - Zapobieganie i naprawa uszkodze\u0144 s\u0142onecznych"},"content":{"rendered":"<div style=\"width: 960px;\">&nbsp;<\/div>\n<div id=\"prd\">\n<div class=\"csRow\">\n<div class=\"csColumn\" style=\"margin: 0px; padding: 0px; float: left; width: 43%;\" data-csstartpoint=\"0\" data-csendpoint=\"430\" data-cswidth=\"43.0%\" data-csid=\"beb42ad8-6bfd-a029-8282-bd93ae120b4d\">\n<style type=\"text\/css\">#soliloquy-container-5312 .soliloquy-pager{bottom: -30px;}<\/style><div class=\"soliloquy-outer-container\" data-soliloquy-loaded=\"0\"><div aria-live=\"polite\" id=\"soliloquy-container-5312\" class=\"soliloquy-container soliloquy-transition-horizontal soliloquy-slide-horizontal soliloquy-controls-active slider-img-prd soliloquy-theme-base\" style=\"max-width:330px;max-height:600px;margin:0 auto 20px;max-width:100%;max-height:none;\"><ul id=\"soliloquy-5312\" class=\"soliloquy-slider soliloquy-slides soliloquy-wrap soliloquy-clear\"><li aria-hidden=\"true\" class=\"soliloquy-item soliloquy-item-1 soliloquy-id-5589 soliloquy-image-slide\" draggable=\"false\" style=\"list-style:none;\"><img id=\"soliloquy-image-5589\" class=\"soliloquy-image soliloquy-image-1\" src=\"https:\/\/hyfac.fr\/wp-content\/uploads\/2018\/09\/Diapositive32-1-330x600_c.jpeg\" alt=\"FOTOKER krem dermatologiczny uszkodzenia aktyniczne\" \/><\/li><li aria-hidden=\"true\" class=\"soliloquy-item soliloquy-item-2 soliloquy-id-5546 soliloquy-image-slide\" draggable=\"false\" style=\"list-style:none;\"><img id=\"soliloquy-image-5546\" class=\"soliloquy-image soliloquy-image-2 soliloquy-preload\" src=\"https:\/\/hyfac.fr\/wp-content\/plugins\/soliloquy\/assets\/css\/images\/holder.gif\" data-soliloquy-src=\"https:\/\/hyfac.fr\/wp-content\/uploads\/2018\/09\/Diapositive32-330x600_c.jpeg\" alt=\"FOTOKER krem dermatologiczny uszkodzenia aktyniczne\" \/><\/li><\/ul><\/div><noscript><style type=\"text\/css\" scoped>#soliloquy-container-5312{opacity:1}#soliloquy-container-5312 li > .soliloquy-caption{display:none}#soliloquy-container-5312 li:first-child > .soliloquy-caption{display:block}<\/style><div class=\"soliloquy-no-js\" style=\"display:none;visibility:hidden;height:0;line-height:0;opacity:0;\"><img class=\"soliloquy-image soliloquy-no-js-image\" src=\"https:\/\/hyfac.fr\/wp-content\/uploads\/2018\/09\/Diapositive32-1.jpeg\" alt=\"FOTOKER krem dermatologiczny uszkodzenia aktyniczne\" \/><img class=\"soliloquy-image soliloquy-no-js-image\" src=\"https:\/\/hyfac.fr\/wp-content\/uploads\/2018\/09\/Diapositive32.jpeg\" alt=\"FOTOKER krem dermatologiczny uszkodzenia aktyniczne\" \/><\/div><\/noscript><\/div>\n<\/div>\n<div class=\"csColumnGap\" style=\"margin: 0px; padding: 0px; float: left; width: 7.7%;\"><img style=\"border: none;\" src=\"https:\/\/hyfac.fr\/wp-content\/plugins\/advanced-wp-columns\/assets\/js\/plugins\/views\/img\/1x1-pixel.png\"><\/div>\n<div class=\"csColumn\" style=\"margin: 0px; padding: 0px; float: left; width: 49.3%;\" data-csstartpoint=\"507\" data-csendpoint=\"1000\" data-cswidth=\"49.3%\" data-csid=\"56e6cac6-63f3-6945-9ddf-f20a5ec7912c\">\n<h1><span style=\"color: #11568c; line-height: 35px;\">FOTOKER<\/span><\/h1>\n<p><span style=\"color: #11568c;\">Gama FOTOKER<\/span><br \/>\nTuba 50ml. Wyr\u00f3b medyczny.<\/p>\n<p><br \/>\nPr\u00e9vention et r\u00e9paration des dommages caus\u00e9s par le soleil (dommages actiniques).&nbsp;Cr\u00e8me dermatologique.<\/p>\n<ul id=\"ulprd\">\n<li><img class=\"logo-prd\" src=\"\/wp-content\/uploads\/2018\/09\/Repare_ADN.png\" alt=\"Naprawa_DNA\" width=\"50\"><br \/>\nREPARE<\/li>\n<li><img class=\"logo-prd\" src=\"\/wp-content\/uploads\/2018\/09\/Protege-des-UV.png\" alt=\"Ochrona UV\" width=\"50\"><br \/>\nSPF 50+.<\/li>\n<li><img class=\"logo-prd\" src=\"\/wp-content\/uploads\/2018\/09\/uvb_uva.png\" alt=\"uvb_uva\" width=\"50\"><br \/>\nOCHRONA UVA\/UVB<\/li>\n<li><img class=\"logo-prd\" src=\"\/wp-content\/uploads\/2018\/09\/Hydrate.png\" alt=\"Nawil\u017ca\" width=\"50\"><br \/>\nHYDRATE<\/li>\n<\/ul>\n<ul id=\"ulprd-link\">\n<li><a href=\"https:\/\/fotoker.fr\/produit\/fotoker-creme-dermatologique\/\"><img class=\"img1\" src=\"\/wp-content\/uploads\/2018\/11\/caddie-copy.png\" alt=\"kupi\u0107\">Zam\u00f3w online<\/a><\/li>\n<li><a href=\"https:\/\/hyfac.fr\/pl\/pres-de-chez-vous\/\"><img class=\"img2\" src=\"\/wp-content\/uploads\/2018\/06\/logo-map-e1530138886120.png\" alt=\"loc\">Znajd\u017a punkt sprzeda\u017cy<\/a><\/li>\n<\/ul>\n<ul id=\"ulprd-link\">\n<li class=\"infotri\"><span class=\"spantri\">Odkryj nasze instrukcje sortowania<\/span><br \/>\n<img class=\"imgtri\" src=\"https:\/\/hyfac.fr\/wp-content\/uploads\/2020\/12\/FOTOKER.png\"><\/li>\n<\/ul>\n<\/div>\n<div style=\"clear: both; float: none; display: block; visibility: hidden; width: 0px; font-size: 0px; line-height: 0;\">&nbsp;<\/div>\n<\/div>\n<\/div>\n<div id=\"descript-prd\">La&nbsp;cr\u00e8me dermatologique FOTOKER apporte une <strong>podw\u00f3jne dzia\u0142anie zapobiegawcze<\/strong> do sk\u00f3ry. Tworzy na sk\u00f3rze film ochronny i zapewnia ochron\u0119 przeciws\u0142oneczn\u0105 przed promieniami UVA i UVB. Ogranicza zatem penetracj\u0119 promieni UV, a tak\u017ce naprawia zmiany kom\u00f3rkowe spowodowane przez promienie UV, kt\u00f3re nie zdo\u0142a\u0142y pokona\u0107 tej pierwszej bariery (fotoliza). FOTOKER \u0142\u0105czy w sobie enzym, <strong>fotoliza<\/strong> do <strong>filtry przeciws\u0142oneczne o szerokim spektrum dzia\u0142ania<\/strong> (ochrona przeciws\u0142oneczna 50+). Fotoliza ma zdolno\u015b\u0107 do natychmiastowej naprawy niekt\u00f3rych uszkodze\u0144 DNA w naszych kom\u00f3rkach spowodowanych przez promienie UV. Jego <strong>konsystencja nawil\u017caj\u0105ca<\/strong> i pokrycie zapewnia przyjemn\u0105 aplikacj\u0119 i optymaln\u0105 zgodno\u015b\u0107.<\/div>\n<div id=\"menu-prdnew\">\n<ul>\n<li><a id=\"lienmenuconseil\" href=\"#prd\">RADA U\u017bYTKOWANIA<\/a><\/li>\n<li><a id=\"lienmenuactifs\" href=\"#conseil-prd\">AKTYWA<\/a><\/li>\n<li><a id=\"lienmenucmplt\" href=\"#actifs-prd\">PRODUKTY KOMPLEMENTARNE<\/a><\/li>\n<li><a id=\"lienmenusavoir\" href=\"#cmplt-prd\">CZYTAJ WI\u0118CEJ<\/a><\/li>\n<li><a id=\"lienmenucompo\" href=\"#savoir-prd\">SK\u0141AD<\/a><\/li>\n<\/ul>\n<\/div>\n<div id=\"conseil-prd\">\n<div class=\"csRow\">\n<div class=\"csColumn\" style=\"margin: 0px; padding: 0px; float: left; width: 70.8%;\" data-csstartpoint=\"0\" data-csendpoint=\"680\" data-cswidth=\"70.8%\" data-csid=\"7ce9a14c-d45b-a3f2-987b-63fd249cc312\">\n<p><span style=\"color: #11568c;\">JAK STOSOWA\u0106 FOTOKER KREM DERMATOLOGICZNY?<\/span><\/p>\n<p>FOTOKER jest wyrobem medycznym zalecanym w profilaktyce rogowacenia aktynicznego. Zalecany jest dla os\u00f3b regularnie przebywaj\u0105cych na \u015bwie\u017cym powietrzu, aby zapobiec uszkodzeniom s\u0142onecznym.<\/p>\n<p>Stosowa\u0107 co najmniej dwa razy dziennie (rano ok. godz. 10.00 i po po\u0142udniu ok. godz. 14.00) na ods\u0142oni\u0119te miejsca (twarz, czaszka, szyja, d\u0142onie). W szczeg\u00f3lno\u015bci, gdy sk\u00f3ra jest dotkni\u0119ta actinic keratoses, aplikacja powinna by\u0107 przeprowadzona w pierwszej kolejno\u015bci na obszarach sk\u00f3ry dotkni\u0119tych tymi zmianami.<\/p>\n<p>Wa\u017cne jest, aby stosowa\u0107 go przez ca\u0142y rok (o ka\u017cdej porze roku), a nie tylko latem lub w czasie s\u0142onecznej pogody.<\/p>\n<\/div>\n<div class=\"csColumnGap\" style=\"margin: 0px; padding: 0px; float: left; width: 1.56%;\"><img style=\"border: none;\" src=\"https:\/\/hyfac.fr\/wp-content\/plugins\/advanced-wp-columns\/assets\/js\/plugins\/views\/img\/1x1-pixel.png\"><\/div>\n<div class=\"csColumn\" style=\"margin: 0px; padding: 0px; float: left; width: 27.6%;\" data-csstartpoint=\"695\" data-csendpoint=\"960\" data-cswidth=\"27.6%\" data-csid=\"2de6301b-fc0e-6c4c-b16e-671973f34d15\">&nbsp;<br \/>\n&nbsp;<br \/>\n&nbsp;<br \/>\n<img loading=\"lazy\" class=\"aligncenter wp-image-5140\" src=\"https:\/\/hyfac.fr\/wp-content\/uploads\/2018\/07\/conseil-250x250.png\" alt=\"\" width=\"180\" height=\"181\" srcset=\"https:\/\/hyfac.fr\/wp-content\/uploads\/2018\/07\/conseil-250x250.png 250w, https:\/\/hyfac.fr\/wp-content\/uploads\/2018\/07\/conseil-298x300.png 298w, https:\/\/hyfac.fr\/wp-content\/uploads\/2018\/07\/conseil.png 308w\" sizes=\"(max-width: 180px) 100vw, 180px\" \/>&nbsp;<\/p>\n<\/div>\n<div style=\"clear: both; float: none; display: block; visibility: hidden; width: 0px; font-size: 0px; line-height: 0;\">&nbsp;<\/div>\n<p><span style=\"color: #11568c;\">Co robi FOTOKER, aby zapobiec rogowaceniu aktynicznemu?<\/span><br \/>\nFiltr przeciws\u0142oneczny, nawet o bardzo szerokim spektrum dzia\u0142ania, nie jest ca\u0142kowitym ekranem. FOTOKER jest czym\u015b wi\u0119cej ni\u017c tylko filtrem przeciws\u0142onecznym, poniewa\u017c zawiera enzym, kt\u00f3ry ma zdolno\u015b\u0107 do natychmiastowej naprawy niekt\u00f3rych uszkodze\u0144 DNA kom\u00f3rek sk\u00f3ry. Enzym ten jest <strong>fotoliz\u0119.<\/strong> Jest naturalnie nieobecny u ludzi, a obecny u wielu gatunk\u00f3w ro\u015blin i zwierz\u0105t. FOTOKER \u0142\u0105czy fotoliz\u0119 z filtrem przeciws\u0142onecznym o szerokim spektrum dzia\u0142ania 50+.<\/p>\n<\/div>\n<\/div>\n<div id=\"actifs-prd\">\n<div class=\"h2prd\">\n<h2><span style=\"color: #11568c;\">G\u0141\u00d3WNE AKTYWA<\/span><\/h2>\n<\/div>\n<p><span style=\"color: #11568c;\">Fotoliza (wyci\u0105g z planktonu)<\/span><br \/>\nFotoliza jest enzymem, kt\u00f3ry b\u0142yskawicznie naprawia uszkodzenia DNA kom\u00f3rek nask\u00f3rka wywo\u0142ane promieniowaniem UV. Enzym ten jest naturalnie nieobecny u ludzi, a obecny u wielu gatunk\u00f3w ro\u015blin i zwierz\u0105t.<\/p>\n<p><span style=\"color: #11568c;\">Filtr przeciws\u0142oneczny 50+ o szerokim spektrum dzia\u0142ania, bez filtr\u00f3w mineralnych<\/span><br \/>\nFiltry przeciws\u0142oneczne o szerokim spektrum dzia\u0142ania zapewniaj\u0105 wysok\u0105 ochron\u0119 przed promieniami UVA i UVB.<\/p>\n<\/div>\n<div id=\"cmplt-prd\">\n<div class=\"h2prd\">\n<h2><span style=\"color: #11568c;\">PRODUKTY KOMPLEMENTARNE<\/span><\/h2>\n<\/div>\n<style type=\"text\/css\">#soliloquy-container-5444 .soliloquy-prev{left: -60px;background-color:#11568C;}#soliloquy-container-5444 .soliloquy-next{right: -60px;background-color:#11568C;}#soliloquy-container-5444 .soliloquy-image{background: #f3f3f3;border: 1px solid #ddd;padding:3px;}#soliloquy-container-5444 .soliloquy-viewport{height: 260px !important;}#soliloquy-container-5444 .soliloquy-caption-bottom{position: relative;}#soliloquy-container-5444 .soliloquy-caption-inside{color:#CEBFB6; text-shadow:none;background:none;}@media only screen and (max-width: 1000px){#soliloquy-container-5444 .soliloquy-prev{left: 0px;}#soliloquy-container-5444 .soliloquy-next{right: 0px;}#soliloquy-container-5444 .soliloquy-viewport{height: 200px;}}<\/style><div class=\"soliloquy-outer-container soliloquy-carousel\" data-soliloquy-loaded=\"0\"><div aria-live=\"polite\" id=\"soliloquy-container-5444\" class=\"soliloquy-container soliloquy-transition-horizontal soliloquy-slide-horizontal soliloquy-arrows-active Produits-complmentaires-Hyfac soliloquy-theme-base\" style=\"max-width:960px;max-height:300px;margin:0 auto 20px;\"><ul id=\"soliloquy-5444\" class=\"soliloquy-slider soliloquy-slides soliloquy-wrap soliloquy-clear\"><li aria-hidden=\"true\" class=\"soliloquy-item soliloquy-item-1 soliloquy-id-5591 soliloquy-image-slide\" draggable=\"false\" style=\"list-style:none;\"><a href=\"https:\/\/hyfac.fr\/pl\/nos-gammes\/hydrafac\/creme-legere\/\" class=\"soliloquy-link\" title=\"HYDRAFAC lekki krem nawil\u017caj\u0105cy do cery mieszanej\"><img id=\"soliloquy-image-5591\" class=\"soliloquy-image soliloquy-image-1\" src=\"https:\/\/hyfac.fr\/wp-content\/uploads\/2018\/09\/Diapositive24-1-200x200_c.jpeg\" alt=\"HYDRAFAC lekki krem nawil\u017caj\u0105cy do cery mieszanej\" \/><\/a><div class=\"soliloquy-caption soliloquy-caption-bottom\"><div class=\"soliloquy-caption-inside\"><p>Jasny krem<\/p><br \/>\n<p style=\"font-size:13px\">Krem nawil\u017caj\u0105cy do sk\u00f3ry normalnej i mieszanej<\/p><\/div><\/div><\/li><li aria-hidden=\"true\" class=\"soliloquy-item soliloquy-item-2 soliloquy-id-5592 soliloquy-image-slide\" draggable=\"false\" style=\"list-style:none;\"><a href=\"https:\/\/hyfac.fr\/pl\/nos-gammes\/hydrafac\/creme-riche\/\" class=\"soliloquy-link\" title=\"HYDRAFAC bogaty krem nawil\u017caj\u0105cy do sk\u00f3ry suchej\"><img id=\"soliloquy-image-5592\" class=\"soliloquy-image soliloquy-image-2\" src=\"https:\/\/hyfac.fr\/wp-content\/uploads\/2018\/09\/Diapositive26-1-200x200_c.jpeg\" alt=\"HYDRAFAC bogaty krem nawil\u017caj\u0105cy do sk\u00f3ry suchej\" \/><\/a><div class=\"soliloquy-caption soliloquy-caption-bottom\"><div class=\"soliloquy-caption-inside\"><p>Bogaty krem<\/p><br \/>\n<p style=\"font-size:13px\">Krem nawil\u017caj\u0105cy do sk\u00f3ry suchej<\/p><\/div><\/div><\/li><li aria-hidden=\"true\" class=\"soliloquy-item soliloquy-item-3 soliloquy-id-5593 soliloquy-image-slide\" draggable=\"false\" style=\"list-style:none;\"><a href=\"https:\/\/hyfac.fr\/pl\/nos-gammes\/hydrafac\/baume-levres\/\" class=\"soliloquy-link\" title=\"HYDRAFAC Nawil\u017caj\u0105cy balsam do ust\"><img id=\"soliloquy-image-5593\" class=\"soliloquy-image soliloquy-image-3\" src=\"https:\/\/hyfac.fr\/wp-content\/uploads\/2018\/09\/Diapositive28-200x200_c.jpeg\" alt=\"HYDRAFAC Nawil\u017caj\u0105cy balsam do ust\" \/><\/a><div class=\"soliloquy-caption soliloquy-caption-bottom\"><div class=\"soliloquy-caption-inside\"><p>Balsam do ust<\/p><br \/>\n<p style=\"font-size:13px\">Od\u017cywia i nawil\u017ca<\/p><\/div><\/div><\/li><li aria-hidden=\"true\" class=\"soliloquy-item soliloquy-item-4 soliloquy-id-5594 soliloquy-image-slide\" draggable=\"false\" style=\"list-style:none;\"><a href=\"https:\/\/hyfac.fr\/pl\/nos-gammes\/clarifac-soin-anti-taches\/\" class=\"soliloquy-link\" title=\"CLARIFAC piel\u0119gnacja rozja\u015bniaj\u0105ca przeciw plamom\"><img id=\"soliloquy-image-5594\" class=\"soliloquy-image soliloquy-image-4\" src=\"https:\/\/hyfac.fr\/wp-content\/uploads\/2018\/09\/Diapositive30-1-200x200_c.jpeg\" alt=\"CLARIFAC piel\u0119gnacja rozja\u015bniaj\u0105ca przeciw plamom\" \/><\/a><div class=\"soliloquy-caption soliloquy-caption-bottom\"><div class=\"soliloquy-caption-inside\"><p>Ochrona przed zabrudzeniami<\/p><br \/>\n<p style=\"font-size:13px\">Wyr\u00f3wnuje i rozja\u015bnia koloryt cery<\/p><\/div><\/div><\/li><\/ul><\/div><noscript><style type=\"text\/css\" scoped>#soliloquy-container-5444{opacity:1}#soliloquy-container-5444 li > .soliloquy-caption{display:none}#soliloquy-container-5444 li:first-child > .soliloquy-caption{display:block}<\/style><div class=\"soliloquy-no-js\" style=\"display:none;visibility:hidden;height:0;line-height:0;opacity:0;\"><img class=\"soliloquy-image soliloquy-no-js-image\" src=\"https:\/\/hyfac.fr\/wp-content\/uploads\/2018\/09\/Diapositive24-1.jpeg\" alt=\"HYDRAFAC lekki krem nawil\u017caj\u0105cy do cery mieszanej\" \/><img class=\"soliloquy-image soliloquy-no-js-image\" src=\"https:\/\/hyfac.fr\/wp-content\/uploads\/2018\/09\/Diapositive26-1.jpeg\" alt=\"HYDRAFAC bogaty krem nawil\u017caj\u0105cy do sk\u00f3ry suchej\" \/><img class=\"soliloquy-image soliloquy-no-js-image\" src=\"https:\/\/hyfac.fr\/wp-content\/uploads\/2018\/09\/Diapositive28.jpeg\" alt=\"HYDRAFAC Nawil\u017caj\u0105cy balsam do ust\" \/><img class=\"soliloquy-image soliloquy-no-js-image\" src=\"https:\/\/hyfac.fr\/wp-content\/uploads\/2018\/09\/Diapositive30-1.jpeg\" alt=\"CLARIFAC piel\u0119gnacja rozja\u015bniaj\u0105ca przeciw plamom\" \/><\/div><\/noscript><\/div>\n<\/div>\n<div id=\"savoir-prd\">\n<div class=\"h2prd\">\n<h2><span style=\"color: #11568c;\">CZYTAJ WI\u0118CEJ<\/span><\/h2>\n<\/div>\n<div class=\"csRow\">\n<div class=\"csColumn\" style=\"margin: 0px; padding: 0px; float: left; width: 38.6%;\" data-csstartpoint=\"0\" data-csendpoint=\"370.5\" data-cswidth=\"38.6%\" data-csid=\"beb42ad8-6bfd-a029-8282-bd93ae120b4d\"><a href=\"https:\/\/hyfac.fr\/pl\/sos-dermato\/4322-keratoses-actiniques-prevention\/\" target=\"_blank\" rel=\"noopener\"><img loading=\"lazy\" class=\"aligncenter wp-image-4342 size-thumbnail\" src=\"https:\/\/hyfac.fr\/wp-content\/uploads\/2018\/03\/banniere_carree_site_hyfac_intro_themes2-250x250.jpg\" alt=\"Rogowacenie zrogowacia\u0142e i zapobieganie\" width=\"250\" height=\"250\" srcset=\"https:\/\/hyfac.fr\/wp-content\/uploads\/2018\/03\/banniere_carree_site_hyfac_intro_themes2-250x250.jpg 250w, https:\/\/hyfac.fr\/wp-content\/uploads\/2018\/03\/banniere_carree_site_hyfac_intro_themes2-300x300.jpg 300w, https:\/\/hyfac.fr\/wp-content\/uploads\/2018\/03\/banniere_carree_site_hyfac_intro_themes2.jpg 543w\" sizes=\"(max-width: 250px) 100vw, 250px\" \/><\/a><\/div>\n<div class=\"csColumnGap\" style=\"margin: 0px; padding: 0px; float: left; width: 1.56%;\"><img style=\"border: none;\" src=\"https:\/\/hyfac.fr\/wp-content\/plugins\/advanced-wp-columns\/assets\/js\/plugins\/views\/img\/1x1-pixel.png\"><\/div>\n<div class=\"csColumn\" style=\"margin: 0px; padding: 0px; float: left; width: 59.8%;\" data-csstartpoint=\"385.5\" data-csendpoint=\"960\" data-cswidth=\"59.8%\" data-csid=\"56e6cac6-63f3-6945-9ddf-f20a5ec7912c\"><span style=\"color: #11568c;\">Co to s\u0105 rogowacenia aktyniczne?<\/span><br \/>\nJest to ma\u0142o znana nazwa jednego z najcz\u0119stszych problem\u00f3w sk\u00f3rnych!<br \/>\nRogowacenie s\u0142oneczne, znane r\u00f3wnie\u017c jako rogowacenie s\u0142oneczne, to przedrakowe zmiany sk\u00f3rne. S\u0105 one prekursorami szczeg\u00f3lnej formy raka sk\u00f3ry. Rogowacenie zrogowacia\u0142e jest zwi\u0105zane z przewlek\u0142ym lub powtarzaj\u0105cym si\u0119 wystawieniem na dzia\u0142anie promieni s\u0142onecznych, zar\u00f3wno w pracy (marynarze, rolnicy, sportowcy, pracownicy budowlani itp.), jak i w czasie wolnym (ogrodnictwo, spacery w s\u0142o\u0144cu, jazda na rowerze itp.) Wyst\u0119puj\u0105 g\u0142\u00f3wnie w miejscach ods\u0142oni\u0119tych (twarz, \u0142ysina, kark, nogi, dekolt, r\u0119ce).<br \/>\nRogowacenie aktyniczne to ma\u0142e przewlek\u0142e zmiany, r\u00f3\u017cowe lub br\u0105zowe, \u0142uskowate lub skorupiaste, p\u0142askie lub lekko uniesione, bardzo cz\u0119sto szorstkie w dotyku. S\u0105 one niezwykle cz\u0119stym powodem konsultacji w dermatologii.<br \/>\nNieleczone rogowacenie s\u0142oneczne mo\u017ce si\u0119 utrzymywa\u0107, znikn\u0105\u0107 samoistnie lub przekszta\u0142ci\u0107 si\u0119 w raka kolczystokom\u00f3rkowego (raka sk\u00f3ry). Szacuje si\u0119, \u017ce u osoby z wi\u0119cej ni\u017c 10 rogowaceniami actinic keratoses prawdopodobie\u0144stwo rozwoju raka kolczystokom\u00f3rkowego w ci\u0105gu 10 lat wynosi 10%. Wyst\u0119powanie rogowacenia aktynicznego jest bezpo\u015brednio zwi\u0105zane z ekspozycj\u0105 na s\u0142o\u0144ce, dlatego tak wa\u017cna jest profilaktyka (odzie\u017c, filtry przeciws\u0142oneczne o szerokim spektrum dzia\u0142ania na ods\u0142oni\u0119te miejsca).&nbsp;<\/p>\n<div id=\"savoirplus\"><a href=\"https:\/\/hyfac.fr\/pl\/sos-dermato\/4322-keratoses-actiniques-prevention\/\">Dowiedz si\u0119 wi\u0119cej o rogowaceniu aktynowym i zapobieganiu mu.<\/a><\/div>\n<\/div>\n<div style=\"clear: both; float: none; display: block; visibility: hidden; width: 0px; font-size: 0px; line-height: 0;\">&nbsp;<\/div>\n<\/div>\n<\/div>\n<div id=\"compo-prd\">\n<div class=\"h2prd\">\n<h2><span style=\"color: #11568c;\">SK\u0141ADNIKI <span style=\"font-size: 14pt;\">\/<\/span> SK\u0141ADNIKI<\/span><\/h2>\n<\/div>\n<p><span style=\"color: #cebfb6;\">INCI : AQUA, METHYLENE BIS-BENZOTRIAZOLYL TETRAMETHYLBUTYLPHENOL [NANO], ETHYLHEXYL METHOXYCINNAMATE, BIS-ETHYLHEXYLOXYPHENOL METHOXYPHENYL TRIAZINE, DICAPRYLYL ETHER, OCTOCRYLENE, CETEARYL ETHYLHEXANOATE, CYCLOPENTESILOXANE, BUTYL METHOXYDIBENZOYLMETHANE, GLYCERIN, CETEARYL ALCOHOL, GLYCERYL STEARATE, PROPYLENE GLYCOL, GLUKOZYD DECYLOWY, TRIACONTANYL PVP, KOPOLIMER AMONOWO-AKRYLOILODIMETYLOWY\/VP, PALMITOIL POTASU, HYDROLIZOWANE PROTEINY PSZENICY, ALKOHOL FENETYLOWY, GLIKOL KAPRYLOWY, OCTAN TOKOFERYLU, WYCI\u0104G Z PLANKTONU, DIAMINOPROPIONOIL TRIPEPTYD-33, PARFUM, KWAS CYTRYNOWY, LECYTYNA, GUMA KSANTANOWA, TOKOFEROL, PALMITYNIAN ASKORBYLU.<\/span><\/p>\n<\/div>","protected":false},"excerpt":{"rendered":"<p>Dispositif m\u00e9dical.<\/p>","protected":false},"author":1,"featured_media":4698,"parent":22,"menu_order":4,"comment_status":"closed","ping_status":"closed","template":"page\/page-template-newprdfotoker.php","meta":{"_mi_skip_tracking":false,"spay_email":""},"_links":{"self":[{"href":"https:\/\/hyfac.fr\/pl\/wp-json\/wp\/v2\/pages\/2599"}],"collection":[{"href":"https:\/\/hyfac.fr\/pl\/wp-json\/wp\/v2\/pages"}],"about":[{"href":"https:\/\/hyfac.fr\/pl\/wp-json\/wp\/v2\/types\/page"}],"author":[{"embeddable":true,"href":"https:\/\/hyfac.fr\/pl\/wp-json\/wp\/v2\/users\/1"}],"replies":[{"embeddable":true,"href":"https:\/\/hyfac.fr\/pl\/wp-json\/wp\/v2\/comments?post=2599"}],"version-history":[{"count":59,"href":"https:\/\/hyfac.fr\/pl\/wp-json\/wp\/v2\/pages\/2599\/revisions"}],"predecessor-version":[{"id":15033,"href":"https:\/\/hyfac.fr\/pl\/wp-json\/wp\/v2\/pages\/2599\/revisions\/15033"}],"up":[{"embeddable":true,"href":"https:\/\/hyfac.fr\/pl\/wp-json\/wp\/v2\/pages\/22"}],"wp:featuredmedia":[{"embeddable":true,"href":"https:\/\/hyfac.fr\/pl\/wp-json\/wp\/v2\/media\/4698"}],"wp:attachment":[{"href":"https:\/\/hyfac.fr\/pl\/wp-json\/wp\/v2\/media?parent=2599"}],"curies":[{"name":"wp","href":"https:\/\/api.w.org\/{rel}","templated":true}]}}